{"id":80,"date":"2017-11-07T13:21:24","date_gmt":"2017-11-07T13:21:24","guid":{"rendered":"http:\/\/localhost\/wordpress\/townpress-content\/?page_id=80"},"modified":"2026-02-26T14:35:44","modified_gmt":"2026-02-26T13:35:44","slug":"home-1","status":"publish","type":"page","link":"https:\/\/blanca.es\/nuevaweb\/","title":{"rendered":"Bienvenido a Blanca"},"content":{"rendered":"\n<!-- TOWNPRESS SITEMAP : begin -->\n<section class=\"lsvr-townpress-sitemap\"\n    >\n    <div class=\"c-content-box lsvr-townpress-sitemap__inner\">\n\n                    <span class=\"lsvr-townpress-sitemap__icon icon-road-sign\"\n                aria-hidden=\"true\"><\/span>\n        \n        \n            <header class=\"lsvr-townpress-sitemap__header\">\n                <h2 class=\"lsvr-townpress-sitemap__title lsvr-townpress-sitemap__title--has-icon\">\n\n                                            <span class=\"lsvr-townpress-sitemap__title-icon icon-road-sign\"\n                            aria-hidden=\"true\"><\/span>\n                    \n                    Enlaces de Inter\u00e9s\n                <\/h2>\n            <\/header>\n\n        \n        \n            <div class=\"lsvr-townpress-sitemap__content\">\n                <nav class=\"lsvr-townpress-sitemap__nav lsvr-townpress-sitemap__nav--3-cols\"\n                                            aria-label=\"Enlaces de Inter\u00e9s\"\n                    >\n\n                    <ul id=\"menu-enlaces-de-interes\" class=\"lsvr-townpress-sitemap__list\" role=\"menu\">\n\n            <li class=\"lsvr-townpress-sitemap__item lsvr-townpress-sitemap__item--level-0 menu-item menu-item-type-custom menu-item-object-custom\"\n                role=\"presentation\">\n\n                \n                    <h3 class=\"lsvr-townpress-sitemap__item-title\">\n\n                \n                <a href=\"https:\/\/sede.blanca.regiondemurcia.es\/web\/tablon\/30011\"\n                    class=\"lsvr-townpress-sitemap__item-link lsvr-townpress-sitemap__item-link--level-0\"\n                    role=\"menuitem\"\n                    >Tabl\u00f3n de edictos<\/a>\n\n                \n                    <\/h3>\n\n                \n            \n            <\/li>\n\n            \n\n            <li class=\"lsvr-townpress-sitemap__item lsvr-townpress-sitemap__item--level-0 menu-item menu-item-type-custom menu-item-object-custom\"\n                role=\"presentation\">\n\n                \n                    <h3 class=\"lsvr-townpress-sitemap__item-title\">\n\n                \n                <a href=\"https:\/\/kinetike.com:83\/views\/init.aspx?cine=BLANCA\"\n                    class=\"lsvr-townpress-sitemap__item-link lsvr-townpress-sitemap__item-link--level-0\"\n                    role=\"menuitem\"\n                    >Taquilla Eventos<\/a>\n\n                \n                    <\/h3>\n\n                \n            \n            <\/li>\n\n            \n\n            <li class=\"lsvr-townpress-sitemap__item lsvr-townpress-sitemap__item--level-0 menu-item menu-item-type-post_type menu-item-object-page\"\n                role=\"presentation\">\n\n                \n                    <h3 class=\"lsvr-townpress-sitemap__item-title\">\n\n                \n                <a href=\"https:\/\/blanca.es\/nuevaweb\/ayuntamiento\/informacion-al-ciudadano-2\/tramites-e-impresos\/\"\n                    class=\"lsvr-townpress-sitemap__item-link lsvr-townpress-sitemap__item-link--level-0\"\n                    role=\"menuitem\"\n                    >Tr\u00e1mites e Impresos<\/a>\n\n                \n                    <\/h3>\n\n                \n            \n            <\/li>\n\n            \n\n            <li class=\"lsvr-townpress-sitemap__item lsvr-townpress-sitemap__item--level-0 menu-item menu-item-type-post_type menu-item-object-page\"\n                role=\"presentation\">\n\n                \n                    <h3 class=\"lsvr-townpress-sitemap__item-title\">\n\n                \n                <a href=\"https:\/\/blanca.es\/nuevaweb\/ayuntamiento\/servicios-municipales\/deportes\/\"\n                    class=\"lsvr-townpress-sitemap__item-link lsvr-townpress-sitemap__item-link--level-0\"\n                    role=\"menuitem\"\n                    >Deportes<\/a>\n\n                \n                    <\/h3>\n\n                \n            \n            <\/li>\n\n            \n\n            <li class=\"lsvr-townpress-sitemap__item lsvr-townpress-sitemap__item--level-0 menu-item menu-item-type-custom menu-item-object-custom\"\n                role=\"presentation\">\n\n                \n                    <h3 class=\"lsvr-townpress-sitemap__item-title\">\n\n                \n                <a href=\"https:\/\/blancaturistica.com\"\n                    class=\"lsvr-townpress-sitemap__item-link lsvr-townpress-sitemap__item-link--level-0\"\n                    role=\"menuitem\"\n                    >Turismo<\/a>\n\n                \n                    <\/h3>\n\n                \n            \n            <\/li>\n\n            \n\n            <li class=\"lsvr-townpress-sitemap__item lsvr-townpress-sitemap__item--level-0 menu-item menu-item-type-custom menu-item-object-custom\"\n                role=\"presentation\">\n\n                \n                    <h3 class=\"lsvr-townpress-sitemap__item-title\">\n\n                \n                <a href=\"https:\/\/contrataciondelestado.es\/wps\/portal\/!ut\/p\/b0\/DcqxCoAgEIDhR7qIhgoayqmpoaF0u9TkSE8R6_lz-z_4QcEJivEjh4Uio6-WxtrkiZ8x2XyTF5FLxoJcLBygQL0XadR137JDrg1StDz0XbPsZp0ghTD_UF7VJw!!\/\"\n                    class=\"lsvr-townpress-sitemap__item-link lsvr-townpress-sitemap__item-link--level-0\"\n                    role=\"menuitem\"\n                    >Perfil del Contratante<\/a>\n\n                \n                    <\/h3>\n\n                \n            \n            <\/li>\n\n            \n\n            <li class=\"lsvr-townpress-sitemap__item lsvr-townpress-sitemap__item--level-0 menu-item menu-item-type-custom menu-item-object-custom\"\n                role=\"presentation\">\n\n                \n                    <h3 class=\"lsvr-townpress-sitemap__item-title\">\n\n                \n                <a href=\"https:\/\/triaformacion.com\/blanca\/\"\n                    class=\"lsvr-townpress-sitemap__item-link lsvr-townpress-sitemap__item-link--level-0\"\n                    role=\"menuitem\"\n                    >Plataforma Formaci\u00f3n<\/a>\n\n                \n                    <\/h3>\n\n                \n            \n            <\/li>\n\n            <\/ul>\n                <\/nav>\n            <\/div>\n\n        \n    <\/div>\n<\/section>\n<!-- TOWNPRESS SITEMAP : end -->\n\n\n\n\n<div class=\"wp-block-cover is-light\"><span aria-hidden=\"true\" class=\"wp-block-cover__background has-white-background-color has-background-dim-100 has-background-dim\"><\/span><div class=\"wp-block-cover__inner-container is-layout-flow wp-block-cover-is-layout-flow\">\n<h2 class=\"lsvr-townpress-posts__title lsvr-townpress-posts__title--has-icon\">\n\n                                            <span class=\"lsvr-townpress-posts__title-icon icon-reading\" aria-hidden=\"true\"><\/span>\n                    \n                    \n                        <a href=\"https:\/\/blanca.es\/nuevaweb\/noticias\/\" class=\"lsvr-townpress-posts__title-link\">\n\n                    \n                        \u00daltimas Noticias\n                    <\/a>\n\n                <\/h2>\n\n\n\n<div class=\"wp-block-query is-layout-flow wp-block-query-is-layout-flow\">\n<div class=\"wp-block-group has-text-color\" style=\"color:#494343\"><div class=\"wp-block-group__inner-container is-layout-flow wp-block-group-is-layout-flow\"><ul class=\"columns-2 aligncenter wp-block-post-template is-layout-grid wp-container-core-post-template-is-layout-28b052f3 wp-block-post-template-is-layout-grid\"><li class=\"wp-block-post post-32082 post type-post status-publish format-standard has-post-thumbnail hentry category-medio-ambiente\">\n\n<div class=\"wp-block-group has-white-background-color has-background\"><div class=\"wp-block-group__inner-container is-layout-flow wp-block-group-is-layout-flow\"><h2 class=\"wp-block-post-title\"><a href=\"https:\/\/blanca.es\/nuevaweb\/el-ayuntamiento-de-blanca-pone-en-marcha-los-nuevos-medidores-ambientales\/\" target=\"_self\" >El Ayuntamiento de Blanca pone en marcha los nuevos medidores ambientales<\/a><\/h2>\n\n<figure class=\"alignwide wp-block-post-featured-image\"><a href=\"https:\/\/blanca.es\/nuevaweb\/el-ayuntamiento-de-blanca-pone-en-marcha-los-nuevos-medidores-ambientales\/\" target=\"_self\"  ><img loading=\"lazy\" decoding=\"async\" width=\"1440\" height=\"2560\" src=\"https:\/\/blanca.es\/nuevaweb\/wp-content\/uploads\/2026\/09\/Proyecto-estaciones-scaled.jpeg\" class=\"attachment-post-thumbnail size-post-thumbnail wp-post-image\" alt=\"El Ayuntamiento de Blanca pone en marcha los nuevos medidores ambientales\" style=\"object-fit:cover;\" srcset=\"https:\/\/blanca.es\/nuevaweb\/wp-content\/uploads\/2026\/09\/Proyecto-estaciones-scaled.jpeg 1440w, https:\/\/blanca.es\/nuevaweb\/wp-content\/uploads\/2026\/09\/Proyecto-estaciones-169x300.jpeg 169w, https:\/\/blanca.es\/nuevaweb\/wp-content\/uploads\/2026\/09\/Proyecto-estaciones-576x1024.jpeg 576w, https:\/\/blanca.es\/nuevaweb\/wp-content\/uploads\/2026\/09\/Proyecto-estaciones-768x1365.jpeg 768w, https:\/\/blanca.es\/nuevaweb\/wp-content\/uploads\/2026\/09\/Proyecto-estaciones-864x1536.jpeg 864w, https:\/\/blanca.es\/nuevaweb\/wp-content\/uploads\/2026\/09\/Proyecto-estaciones-1152x2048.jpeg 1152w\" sizes=\"auto, (max-width: 1440px) 100vw, 1440px\" \/><\/a><\/figure>\n\n<div class=\"wp-block-post-date has-small-font-size\"><time datetime=\"2026-09-03T10:59:09+01:00\">3 de septiembre de 2026<\/time><\/div>\n\n<div class=\"taxonomy-category has-text-align-left wp-block-post-terms has-small-font-size\"><a href=\"https:\/\/blanca.es\/nuevaweb\/category\/medio-ambiente\/\" rel=\"tag\">Medio Ambiente<\/a><\/div>\n\n<div class=\"has-text-align-left wp-block-post-excerpt\"><p class=\"wp-block-post-excerpt__excerpt\">Las estaciones analizan en tiempo real los gases y el polvo fino bajo las directrices de la OMS, sumando un sensor ac\u00fastico de alta precisi\u00f3n para garantizar el descanso vecinal. El despliegue prioriza los entornos de la Residencia Virgen de los Dolores y el CEIP Virgen del Pilar para la protecci\u00f3n directa de ni\u00f1os y&hellip;<\/p><p class=\"wp-block-post-excerpt__more-text\"><a class=\"wp-block-post-excerpt__more-link\" href=\"https:\/\/blanca.es\/nuevaweb\/el-ayuntamiento-de-blanca-pone-en-marcha-los-nuevos-medidores-ambientales\/\">Leer m\u00e1s &gt;&gt;<\/a><\/p><\/div>\n\n\n<hr class=\"wp-block-separator has-css-opacity\"\/>\n<\/div><\/div>\n\n<\/li><li class=\"wp-block-post post-32078 post type-post status-publish format-standard has-post-thumbnail hentry category-cul_tur category-fiestas\">\n\n<div class=\"wp-block-group has-white-background-color has-background\"><div class=\"wp-block-group__inner-container is-layout-flow wp-block-group-is-layout-flow\"><h2 class=\"wp-block-post-title\"><a href=\"https:\/\/blanca.es\/nuevaweb\/el-ayuntamiento-de-blanca-anuncia-el-fallo-de-los-premios-de-la-feria-taurina-en-honor-a-san-roque-2026\/\" target=\"_self\" >El Ayuntamiento de Blanca anuncia el fallo de los premios de la Feria Taurina en honor a San Roque 2026<\/a><\/h2>\n\n<figure class=\"alignwide wp-block-post-featured-image\"><a href=\"https:\/\/blanca.es\/nuevaweb\/el-ayuntamiento-de-blanca-anuncia-el-fallo-de-los-premios-de-la-feria-taurina-en-honor-a-san-roque-2026\/\" target=\"_self\"  ><img loading=\"lazy\" decoding=\"async\" width=\"931\" height=\"1600\" src=\"https:\/\/blanca.es\/nuevaweb\/wp-content\/uploads\/2026\/07\/feria-1.jpeg\" class=\"attachment-post-thumbnail size-post-thumbnail wp-post-image\" alt=\"El Ayuntamiento de Blanca anuncia el fallo de los premios de la Feria Taurina en honor a San Roque 2026\" style=\"object-fit:cover;\" srcset=\"https:\/\/blanca.es\/nuevaweb\/wp-content\/uploads\/2026\/07\/feria-1.jpeg 931w, https:\/\/blanca.es\/nuevaweb\/wp-content\/uploads\/2026\/07\/feria-1-175x300.jpeg 175w, https:\/\/blanca.es\/nuevaweb\/wp-content\/uploads\/2026\/07\/feria-1-596x1024.jpeg 596w, https:\/\/blanca.es\/nuevaweb\/wp-content\/uploads\/2026\/07\/feria-1-768x1320.jpeg 768w, https:\/\/blanca.es\/nuevaweb\/wp-content\/uploads\/2026\/07\/feria-1-894x1536.jpeg 894w\" sizes=\"auto, (max-width: 931px) 100vw, 931px\" \/><\/a><\/figure>\n\n<div class=\"wp-block-post-date has-small-font-size\"><time datetime=\"2026-08-21T09:59:50+01:00\">21 de agosto de 2026<\/time><\/div>\n\n<div class=\"taxonomy-category has-text-align-left wp-block-post-terms has-small-font-size\"><a href=\"https:\/\/blanca.es\/nuevaweb\/category\/cul_tur\/\" rel=\"tag\">Cultura y Turismo<\/a><span class=\"wp-block-post-terms__separator\">, <\/span><a href=\"https:\/\/blanca.es\/nuevaweb\/category\/fiestas\/\" rel=\"tag\">Fiestas<\/a><\/div>\n\n<div class=\"has-text-align-left wp-block-post-excerpt\"><p class=\"wp-block-post-excerpt__excerpt\">Los galardones han reca\u00eddo en Tom\u00e1s Gonz\u00e1lez, la ganader\u00eda Los Chospes, Iv\u00e1n de Benito, Felipe Gravito y \u00c1lvaro Marr\u00f3n.<\/p><p class=\"wp-block-post-excerpt__more-text\"><a class=\"wp-block-post-excerpt__more-link\" href=\"https:\/\/blanca.es\/nuevaweb\/el-ayuntamiento-de-blanca-anuncia-el-fallo-de-los-premios-de-la-feria-taurina-en-honor-a-san-roque-2026\/\">Leer m\u00e1s &gt;&gt;<\/a><\/p><\/div>\n\n\n<hr class=\"wp-block-separator has-css-opacity\"\/>\n<\/div><\/div>\n\n<\/li><li class=\"wp-block-post post-32008 post type-post status-publish format-standard has-post-thumbnail hentry category-cul_tur category-fiestas\">\n\n<div class=\"wp-block-group has-white-background-color has-background\"><div class=\"wp-block-group__inner-container is-layout-flow wp-block-group-is-layout-flow\"><h2 class=\"wp-block-post-title\"><a href=\"https:\/\/blanca.es\/nuevaweb\/las-fiestas-patronales-de-blanca-2026-finalizan-con-la-procesion-en-honor-a-san-roque-y-el-tradicional-castillo-de-fuegos-artificiales\/\" target=\"_self\" >Las Fiestas Patronales de Blanca 2026 finalizan con la procesi\u00f3n en honor a San Roque y el tradicional castillo de fuegos artificiales<\/a><\/h2>\n\n<figure class=\"alignwide wp-block-post-featured-image\"><a href=\"https:\/\/blanca.es\/nuevaweb\/las-fiestas-patronales-de-blanca-2026-finalizan-con-la-procesion-en-honor-a-san-roque-y-el-tradicional-castillo-de-fuegos-artificiales\/\" target=\"_self\"  ><img loading=\"lazy\" decoding=\"async\" width=\"853\" height=\"1280\" src=\"https:\/\/blanca.es\/nuevaweb\/wp-content\/uploads\/2026\/08\/foto-1-4.jpeg\" class=\"attachment-post-thumbnail size-post-thumbnail wp-post-image\" alt=\"Las Fiestas Patronales de Blanca 2026 finalizan con la procesi\u00f3n en honor a San Roque y el tradicional castillo de fuegos artificiales\" style=\"object-fit:cover;\" srcset=\"https:\/\/blanca.es\/nuevaweb\/wp-content\/uploads\/2026\/08\/foto-1-4.jpeg 853w, https:\/\/blanca.es\/nuevaweb\/wp-content\/uploads\/2026\/08\/foto-1-4-200x300.jpeg 200w, https:\/\/blanca.es\/nuevaweb\/wp-content\/uploads\/2026\/08\/foto-1-4-682x1024.jpeg 682w, https:\/\/blanca.es\/nuevaweb\/wp-content\/uploads\/2026\/08\/foto-1-4-768x1152.jpeg 768w\" sizes=\"auto, (max-width: 853px) 100vw, 853px\" \/><\/a><\/figure>\n\n<div class=\"wp-block-post-date has-small-font-size\"><time datetime=\"2026-08-17T12:39:44+01:00\">17 de agosto de 2026<\/time><\/div>\n\n<div class=\"taxonomy-category has-text-align-left wp-block-post-terms has-small-font-size\"><a href=\"https:\/\/blanca.es\/nuevaweb\/category\/cul_tur\/\" rel=\"tag\">Cultura y Turismo<\/a><span class=\"wp-block-post-terms__separator\">, <\/span><a href=\"https:\/\/blanca.es\/nuevaweb\/category\/fiestas\/\" rel=\"tag\">Fiestas<\/a><\/div>\n\n<div class=\"has-text-align-left wp-block-post-excerpt\"><p class=\"wp-block-post-excerpt__excerpt\">Blanca dio ayer por finalizadas sus Fiestas Patronales de 2026 con la celebraci\u00f3n de la solemne procesi\u00f3n en honor a su patr\u00f3n, San Roque, que cont\u00f3 con la presencia del consejero de Educaci\u00f3n y Formaci\u00f3n Profesional, V\u00edctor Mar\u00edn. Cientos de vecinos y visitantes se dieron cita para acompa\u00f1ar a la imagen en su tradicional recorrido&hellip;<\/p><p class=\"wp-block-post-excerpt__more-text\"><a class=\"wp-block-post-excerpt__more-link\" href=\"https:\/\/blanca.es\/nuevaweb\/las-fiestas-patronales-de-blanca-2026-finalizan-con-la-procesion-en-honor-a-san-roque-y-el-tradicional-castillo-de-fuegos-artificiales\/\">Leer m\u00e1s &gt;&gt;<\/a><\/p><\/div>\n\n\n<hr class=\"wp-block-separator has-css-opacity\"\/>\n<\/div><\/div>\n\n<\/li><li class=\"wp-block-post post-32023 post type-post status-publish format-standard has-post-thumbnail hentry category-sin-categoria\">\n\n<div class=\"wp-block-group has-white-background-color has-background\"><div class=\"wp-block-group__inner-container is-layout-flow wp-block-group-is-layout-flow\"><h2 class=\"wp-block-post-title\"><a href=\"https:\/\/blanca.es\/nuevaweb\/el-primer-encierro-nocturno-por-gran-via-de-la-historia-de-blanca-concluye-sin-incidentes-y-se-convierte-en-el-mas-multitudinario-de-las-fiestas-patronales-de-blanca-2026\/\" target=\"_self\" >El primer encierro nocturno por Gran V\u00eda de la historia de Blanca concluye sin incidentes y se convierte en el m\u00e1s multitudinario de las Fiestas Patronales de Blanca 2026<\/a><\/h2>\n\n<figure class=\"alignwide wp-block-post-featured-image\"><a href=\"https:\/\/blanca.es\/nuevaweb\/el-primer-encierro-nocturno-por-gran-via-de-la-historia-de-blanca-concluye-sin-incidentes-y-se-convierte-en-el-mas-multitudinario-de-las-fiestas-patronales-de-blanca-2026\/\" target=\"_self\"  ><img loading=\"lazy\" decoding=\"async\" width=\"1368\" height=\"912\" src=\"https:\/\/blanca.es\/nuevaweb\/wp-content\/uploads\/2026\/08\/foto-1-1.jpg\" class=\"attachment-post-thumbnail size-post-thumbnail wp-post-image\" alt=\"El primer encierro nocturno por Gran V\u00eda de la historia de Blanca concluye sin incidentes y se convierte en el m\u00e1s multitudinario de las Fiestas Patronales de Blanca 2026\" style=\"object-fit:cover;\" srcset=\"https:\/\/blanca.es\/nuevaweb\/wp-content\/uploads\/2026\/08\/foto-1-1.jpg 1368w, https:\/\/blanca.es\/nuevaweb\/wp-content\/uploads\/2026\/08\/foto-1-1-300x200.jpg 300w, https:\/\/blanca.es\/nuevaweb\/wp-content\/uploads\/2026\/08\/foto-1-1-1024x683.jpg 1024w, https:\/\/blanca.es\/nuevaweb\/wp-content\/uploads\/2026\/08\/foto-1-1-768x512.jpg 768w\" sizes=\"auto, (max-width: 1368px) 100vw, 1368px\" \/><\/a><\/figure>\n\n<div class=\"wp-block-post-date has-small-font-size\"><time datetime=\"2026-08-15T10:32:08+01:00\">15 de agosto de 2026<\/time><\/div>\n\n<div class=\"taxonomy-category has-text-align-left wp-block-post-terms has-small-font-size\"><a href=\"https:\/\/blanca.es\/nuevaweb\/category\/sin-categoria\/\" rel=\"tag\">Sin categor\u00eda<\/a><\/div>\n\n<div class=\"has-text-align-left wp-block-post-excerpt\"><p class=\"wp-block-post-excerpt__excerpt\">Hoy concluye la Feria Taurina en honor a San Roque con los aperitivos taurinos -organizados por el C\u00edrculo Taurino- y la novillada.<\/p><p class=\"wp-block-post-excerpt__more-text\"><a class=\"wp-block-post-excerpt__more-link\" href=\"https:\/\/blanca.es\/nuevaweb\/el-primer-encierro-nocturno-por-gran-via-de-la-historia-de-blanca-concluye-sin-incidentes-y-se-convierte-en-el-mas-multitudinario-de-las-fiestas-patronales-de-blanca-2026\/\">Leer m\u00e1s &gt;&gt;<\/a><\/p><\/div>\n\n\n<hr class=\"wp-block-separator has-css-opacity\"\/>\n<\/div><\/div>\n\n<\/li><li class=\"wp-block-post post-32005 post type-post status-publish format-standard has-post-thumbnail hentry category-medio-ambiente category-salud\">\n\n<div class=\"wp-block-group has-white-background-color has-background\"><div class=\"wp-block-group__inner-container is-layout-flow wp-block-group-is-layout-flow\"><h2 class=\"wp-block-post-title\"><a href=\"https:\/\/blanca.es\/nuevaweb\/blanca-da-el-salto-a-la-gestion-inteligente-de-su-salud-ambiental\/\" target=\"_self\" >Blanca da el salto a la gesti\u00f3n inteligente de su salud ambiental<\/a><\/h2>\n\n<figure class=\"alignwide wp-block-post-featured-image\"><a href=\"https:\/\/blanca.es\/nuevaweb\/blanca-da-el-salto-a-la-gestion-inteligente-de-su-salud-ambiental\/\" target=\"_self\"  ><img loading=\"lazy\" decoding=\"async\" width=\"1440\" height=\"2560\" src=\"https:\/\/blanca.es\/nuevaweb\/wp-content\/uploads\/2026\/08\/Foto-1-2-scaled.jpeg\" class=\"attachment-post-thumbnail size-post-thumbnail wp-post-image\" alt=\"Blanca da el salto a la gesti\u00f3n inteligente de su salud ambiental\" style=\"object-fit:cover;\" srcset=\"https:\/\/blanca.es\/nuevaweb\/wp-content\/uploads\/2026\/08\/Foto-1-2-scaled.jpeg 1440w, https:\/\/blanca.es\/nuevaweb\/wp-content\/uploads\/2026\/08\/Foto-1-2-169x300.jpeg 169w, https:\/\/blanca.es\/nuevaweb\/wp-content\/uploads\/2026\/08\/Foto-1-2-576x1024.jpeg 576w, https:\/\/blanca.es\/nuevaweb\/wp-content\/uploads\/2026\/08\/Foto-1-2-768x1365.jpeg 768w, https:\/\/blanca.es\/nuevaweb\/wp-content\/uploads\/2026\/08\/Foto-1-2-864x1536.jpeg 864w, https:\/\/blanca.es\/nuevaweb\/wp-content\/uploads\/2026\/08\/Foto-1-2-1152x2048.jpeg 1152w\" sizes=\"auto, (max-width: 1440px) 100vw, 1440px\" \/><\/a><\/figure>\n\n<div class=\"wp-block-post-date has-small-font-size\"><time datetime=\"2026-08-14T08:41:13+01:00\">14 de agosto de 2026<\/time><\/div>\n\n<div class=\"taxonomy-category has-text-align-left wp-block-post-terms has-small-font-size\"><a href=\"https:\/\/blanca.es\/nuevaweb\/category\/medio-ambiente\/\" rel=\"tag\">Medio Ambiente<\/a><span class=\"wp-block-post-terms__separator\">, <\/span><a href=\"https:\/\/blanca.es\/nuevaweb\/category\/salud\/\" rel=\"tag\">Salud<\/a><\/div>\n\n<div class=\"has-text-align-left wp-block-post-excerpt\"><p class=\"wp-block-post-excerpt__excerpt\">El Consistorio blanque\u00f1o implanta una soluci\u00f3n inteligente para monitorizar la calidad del aire y controlar los ruidos molestos en la calle. Estos dispositivos, se instalar\u00e1n en el CEIP Virgen del Pilar y Residencia Virgen de Los Dolores para salvaguardar la salud de ni\u00f1os y mayores.<\/p><p class=\"wp-block-post-excerpt__more-text\"><a class=\"wp-block-post-excerpt__more-link\" href=\"https:\/\/blanca.es\/nuevaweb\/blanca-da-el-salto-a-la-gestion-inteligente-de-su-salud-ambiental\/\">Leer m\u00e1s &gt;&gt;<\/a><\/p><\/div>\n\n\n<hr class=\"wp-block-separator has-css-opacity\"\/>\n<\/div><\/div>\n\n<\/li><li class=\"wp-block-post post-32010 post type-post status-publish format-standard has-post-thumbnail hentry category-cul_tur category-fiestas\">\n\n<div class=\"wp-block-group has-white-background-color has-background\"><div class=\"wp-block-group__inner-container is-layout-flow wp-block-group-is-layout-flow\"><h2 class=\"wp-block-post-title\"><a href=\"https:\/\/blanca.es\/nuevaweb\/el-cuarto-encierro-de-las-fiestas-patronales-de-blanca-en-honor-a-san-roque-deja-vistosas-carreras-por-gran-via\/\" target=\"_self\" >El cuarto encierro de las Fiestas Patronales de Blanca en honor a San Roque deja vistosas carreras por Gran V\u00eda<\/a><\/h2>\n\n<figure class=\"alignwide wp-block-post-featured-image\"><a href=\"https:\/\/blanca.es\/nuevaweb\/el-cuarto-encierro-de-las-fiestas-patronales-de-blanca-en-honor-a-san-roque-deja-vistosas-carreras-por-gran-via\/\" target=\"_self\"  ><img loading=\"lazy\" decoding=\"async\" width=\"853\" height=\"1280\" src=\"https:\/\/blanca.es\/nuevaweb\/wp-content\/uploads\/2026\/08\/Foto-1-3.jpeg\" class=\"attachment-post-thumbnail size-post-thumbnail wp-post-image\" alt=\"El cuarto encierro de las Fiestas Patronales de Blanca en honor a San Roque deja vistosas carreras por Gran V\u00eda\" style=\"object-fit:cover;\" srcset=\"https:\/\/blanca.es\/nuevaweb\/wp-content\/uploads\/2026\/08\/Foto-1-3.jpeg 853w, https:\/\/blanca.es\/nuevaweb\/wp-content\/uploads\/2026\/08\/Foto-1-3-200x300.jpeg 200w, https:\/\/blanca.es\/nuevaweb\/wp-content\/uploads\/2026\/08\/Foto-1-3-682x1024.jpeg 682w, https:\/\/blanca.es\/nuevaweb\/wp-content\/uploads\/2026\/08\/Foto-1-3-768x1152.jpeg 768w\" sizes=\"auto, (max-width: 853px) 100vw, 853px\" \/><\/a><\/figure>\n\n<div class=\"wp-block-post-date has-small-font-size\"><time datetime=\"2026-08-13T12:24:07+01:00\">13 de agosto de 2026<\/time><\/div>\n\n<div class=\"taxonomy-category has-text-align-left wp-block-post-terms has-small-font-size\"><a href=\"https:\/\/blanca.es\/nuevaweb\/category\/cul_tur\/\" rel=\"tag\">Cultura y Turismo<\/a><span class=\"wp-block-post-terms__separator\">, <\/span><a href=\"https:\/\/blanca.es\/nuevaweb\/category\/fiestas\/\" rel=\"tag\">Fiestas<\/a><\/div>\n\n<div class=\"has-text-align-left wp-block-post-excerpt\"><p class=\"wp-block-post-excerpt__excerpt\">Los astados de Valdell\u00e1n han pasado hoy por el recorrido de m\u00e1s de 900 metros, ante las 12.000 personas que se han congregado.<\/p><p class=\"wp-block-post-excerpt__more-text\"><a class=\"wp-block-post-excerpt__more-link\" href=\"https:\/\/blanca.es\/nuevaweb\/el-cuarto-encierro-de-las-fiestas-patronales-de-blanca-en-honor-a-san-roque-deja-vistosas-carreras-por-gran-via\/\">Leer m\u00e1s &gt;&gt;<\/a><\/p><\/div>\n\n\n<hr class=\"wp-block-separator has-css-opacity\"\/>\n<\/div><\/div>\n\n<\/li><\/ul>\n\n\n<div class=\"wp-block-buttons is-horizontal is-content-justification-center is-layout-flex wp-container-core-buttons-is-layout-7d812b4c wp-block-buttons-is-layout-flex\">\n<div class=\"wp-block-button is-style-outline is-style-outline--1\"><a class=\"wp-block-button__link has-white-background-color has-text-color has-background wp-element-button\" href=\"https:\/\/blanca.es\/nuevaweb\/noticias\/\" style=\"color:#465a96\"><strong>M\u00e1s Noticias<\/strong><\/a><\/div>\n<\/div>\n<\/div><\/div>\n<\/div>\n<\/div><\/div>\n","protected":false},"excerpt":{"rendered":"","protected":false},"author":1,"featured_media":0,"parent":0,"menu_order":0,"comment_status":"closed","ping_status":"closed","template":"page-templates\/not-boxed.php","meta":{"footnotes":""},"class_list":["post-80","page","type-page","status-publish","hentry"],"yoast_head":"<!-- This site is optimized with the Yoast SEO plugin v28.1 - https:\/\/yoast.com\/product\/yoast-seo-wordpress\/ -->\n<title>Bienvenido a Blanca - Ayuntamiento de Blanca<\/title>\n<meta name=\"robots\" content=\"index, follow, max-snippet:-1, max-image-preview:large, max-video-preview:-1\" \/>\n<link rel=\"canonical\" href=\"https:\/\/blanca.es\/nuevaweb\/\" \/>\n<meta property=\"og:locale\" content=\"es_ES\" \/>\n<meta property=\"og:type\" content=\"article\" \/>\n<meta property=\"og:title\" content=\"Bienvenido a Blanca - Ayuntamiento de Blanca\" \/>\n<meta property=\"og:url\" content=\"https:\/\/blanca.es\/nuevaweb\/\" \/>\n<meta property=\"og:site_name\" content=\"Ayuntamiento de Blanca\" \/>\n<meta property=\"article:publisher\" content=\"https:\/\/es-es.facebook.com\/AyuntamientodeBlanca\" \/>\n<meta property=\"article:modified_time\" content=\"2026-02-26T13:35:44+00:00\" \/>\n<meta name=\"twitter:card\" content=\"summary_large_image\" \/>\n<meta name=\"twitter:site\" content=\"@ayto_blanca\" \/>\n<meta name=\"twitter:label1\" content=\"Tiempo de lectura\" \/>\n\t<meta name=\"twitter:data1\" content=\"1 minuto\" \/>\n<script type=\"application\/ld+json\" class=\"yoast-schema-graph\">{\"@context\":\"https:\\\/\\\/schema.org\",\"@graph\":[{\"@type\":\"WebPage\",\"@id\":\"https:\\\/\\\/blanca.es\\\/nuevaweb\\\/\",\"url\":\"https:\\\/\\\/blanca.es\\\/nuevaweb\\\/\",\"name\":\"Bienvenido a Blanca - Ayuntamiento de Blanca\",\"isPartOf\":{\"@id\":\"https:\\\/\\\/blanca.es\\\/nuevaweb\\\/#website\"},\"datePublished\":\"2017-11-07T13:21:24+00:00\",\"dateModified\":\"2026-02-26T13:35:44+00:00\",\"breadcrumb\":{\"@id\":\"https:\\\/\\\/blanca.es\\\/nuevaweb\\\/#breadcrumb\"},\"inLanguage\":\"es\",\"potentialAction\":[{\"@type\":\"ReadAction\",\"target\":[\"https:\\\/\\\/blanca.es\\\/nuevaweb\\\/\"]}]},{\"@type\":\"BreadcrumbList\",\"@id\":\"https:\\\/\\\/blanca.es\\\/nuevaweb\\\/#breadcrumb\",\"itemListElement\":[{\"@type\":\"ListItem\",\"position\":1,\"name\":\"Portada\",\"item\":\"https:\\\/\\\/blanca.es\\\/nuevaweb\\\/\"},{\"@type\":\"ListItem\",\"position\":2,\"name\":\"Bienvenido a Blanca\"}]},{\"@type\":\"WebSite\",\"@id\":\"https:\\\/\\\/blanca.es\\\/nuevaweb\\\/#website\",\"url\":\"https:\\\/\\\/blanca.es\\\/nuevaweb\\\/\",\"name\":\"Ayuntamiento de Blanca\",\"description\":\"Web Municipal Blanca (Murcia)\",\"publisher\":{\"@id\":\"https:\\\/\\\/blanca.es\\\/nuevaweb\\\/#organization\"},\"potentialAction\":[{\"@type\":\"SearchAction\",\"target\":{\"@type\":\"EntryPoint\",\"urlTemplate\":\"https:\\\/\\\/blanca.es\\\/nuevaweb\\\/?s={search_term_string}\"},\"query-input\":{\"@type\":\"PropertyValueSpecification\",\"valueRequired\":true,\"valueName\":\"search_term_string\"}}],\"inLanguage\":\"es\"},{\"@type\":\"Organization\",\"@id\":\"https:\\\/\\\/blanca.es\\\/nuevaweb\\\/#organization\",\"name\":\"Ayuntamiento de Blanca\",\"url\":\"https:\\\/\\\/blanca.es\\\/nuevaweb\\\/\",\"logo\":{\"@type\":\"ImageObject\",\"inLanguage\":\"es\",\"@id\":\"https:\\\/\\\/blanca.es\\\/nuevaweb\\\/#\\\/schema\\\/logo\\\/image\\\/\",\"url\":\"https:\\\/\\\/blanca.es\\\/nuevaweb\\\/wp-content\\\/uploads\\\/2020\\\/09\\\/Escudo_alta_cuadrado-3.png\",\"contentUrl\":\"https:\\\/\\\/blanca.es\\\/nuevaweb\\\/wp-content\\\/uploads\\\/2020\\\/09\\\/Escudo_alta_cuadrado-3.png\",\"width\":300,\"height\":300,\"caption\":\"Ayuntamiento de Blanca\"},\"image\":{\"@id\":\"https:\\\/\\\/blanca.es\\\/nuevaweb\\\/#\\\/schema\\\/logo\\\/image\\\/\"},\"sameAs\":[\"https:\\\/\\\/es-es.facebook.com\\\/AyuntamientodeBlanca\",\"https:\\\/\\\/x.com\\\/ayto_blanca\",\"https:\\\/\\\/www.youtube.com\\\/channel\\\/UC9weal_OZVKN6meF0Fd_rqw\"]}]}<\/script>\n<!-- \/ Yoast SEO plugin. -->","yoast_head_json":{"title":"Bienvenido a Blanca - Ayuntamiento de Blanca","robots":{"index":"index","follow":"follow","max-snippet":"max-snippet:-1","max-image-preview":"max-image-preview:large","max-video-preview":"max-video-preview:-1"},"canonical":"https:\/\/blanca.es\/nuevaweb\/","og_locale":"es_ES","og_type":"article","og_title":"Bienvenido a Blanca - Ayuntamiento de Blanca","og_url":"https:\/\/blanca.es\/nuevaweb\/","og_site_name":"Ayuntamiento de Blanca","article_publisher":"https:\/\/es-es.facebook.com\/AyuntamientodeBlanca","article_modified_time":"2026-02-26T13:35:44+00:00","twitter_card":"summary_large_image","twitter_site":"@ayto_blanca","twitter_misc":{"Tiempo de lectura":"1 minuto"},"schema":{"@context":"https:\/\/schema.org","@graph":[{"@type":"WebPage","@id":"https:\/\/blanca.es\/nuevaweb\/","url":"https:\/\/blanca.es\/nuevaweb\/","name":"Bienvenido a Blanca - Ayuntamiento de Blanca","isPartOf":{"@id":"https:\/\/blanca.es\/nuevaweb\/#website"},"datePublished":"2017-11-07T13:21:24+00:00","dateModified":"2026-02-26T13:35:44+00:00","breadcrumb":{"@id":"https:\/\/blanca.es\/nuevaweb\/#breadcrumb"},"inLanguage":"es","potentialAction":[{"@type":"ReadAction","target":["https:\/\/blanca.es\/nuevaweb\/"]}]},{"@type":"BreadcrumbList","@id":"https:\/\/blanca.es\/nuevaweb\/#breadcrumb","itemListElement":[{"@type":"ListItem","position":1,"name":"Portada","item":"https:\/\/blanca.es\/nuevaweb\/"},{"@type":"ListItem","position":2,"name":"Bienvenido a Blanca"}]},{"@type":"WebSite","@id":"https:\/\/blanca.es\/nuevaweb\/#website","url":"https:\/\/blanca.es\/nuevaweb\/","name":"Ayuntamiento de Blanca","description":"Web Municipal Blanca (Murcia)","publisher":{"@id":"https:\/\/blanca.es\/nuevaweb\/#organization"},"potentialAction":[{"@type":"SearchAction","target":{"@type":"EntryPoint","urlTemplate":"https:\/\/blanca.es\/nuevaweb\/?s={search_term_string}"},"query-input":{"@type":"PropertyValueSpecification","valueRequired":true,"valueName":"search_term_string"}}],"inLanguage":"es"},{"@type":"Organization","@id":"https:\/\/blanca.es\/nuevaweb\/#organization","name":"Ayuntamiento de Blanca","url":"https:\/\/blanca.es\/nuevaweb\/","logo":{"@type":"ImageObject","inLanguage":"es","@id":"https:\/\/blanca.es\/nuevaweb\/#\/schema\/logo\/image\/","url":"https:\/\/blanca.es\/nuevaweb\/wp-content\/uploads\/2020\/09\/Escudo_alta_cuadrado-3.png","contentUrl":"https:\/\/blanca.es\/nuevaweb\/wp-content\/uploads\/2020\/09\/Escudo_alta_cuadrado-3.png","width":300,"height":300,"caption":"Ayuntamiento de Blanca"},"image":{"@id":"https:\/\/blanca.es\/nuevaweb\/#\/schema\/logo\/image\/"},"sameAs":["https:\/\/es-es.facebook.com\/AyuntamientodeBlanca","https:\/\/x.com\/ayto_blanca","https:\/\/www.youtube.com\/channel\/UC9weal_OZVKN6meF0Fd_rqw"]}]}},"_links":{"self":[{"href":"https:\/\/blanca.es\/nuevaweb\/wp-json\/wp\/v2\/pages\/80","targetHints":{"allow":["GET"]}}],"collection":[{"href":"https:\/\/blanca.es\/nuevaweb\/wp-json\/wp\/v2\/pages"}],"about":[{"href":"https:\/\/blanca.es\/nuevaweb\/wp-json\/wp\/v2\/types\/page"}],"author":[{"embeddable":true,"href":"https:\/\/blanca.es\/nuevaweb\/wp-json\/wp\/v2\/users\/1"}],"replies":[{"embeddable":true,"href":"https:\/\/blanca.es\/nuevaweb\/wp-json\/wp\/v2\/comments?post=80"}],"version-history":[{"count":92,"href":"https:\/\/blanca.es\/nuevaweb\/wp-json\/wp\/v2\/pages\/80\/revisions"}],"predecessor-version":[{"id":29222,"href":"https:\/\/blanca.es\/nuevaweb\/wp-json\/wp\/v2\/pages\/80\/revisions\/29222"}],"wp:attachment":[{"href":"https:\/\/blanca.es\/nuevaweb\/wp-json\/wp\/v2\/media?parent=80"}],"curies":[{"name":"wp","href":"https:\/\/api.w.org\/{rel}","templated":true}]}}